{"version":"1.0","provider_name":"Manchester FM 93,3","provider_url":"https:\/\/www.radiomanchester.com.br\/fm","author_name":"admin","author_url":"https:\/\/www.radiomanchester.com.br\/fm\/author\/admin\/","title":"Brasil: Minist\u00e9rio do Trabalho reconhece 22 novas profiss\u00f5es - Manchester FM 93,3","type":"rich","width":600,"height":338,"html":"<blockquote class=\"wp-embedded-content\" data-secret=\"3F8V8nwF2g\"><a href=\"https:\/\/www.radiomanchester.com.br\/fm\/brasil-ministerio-do-trabalho-reconhece-22-novas-profissoes\/\">Brasil: Minist\u00e9rio do Trabalho reconhece 22 novas profiss\u00f5es<\/a><\/blockquote><iframe sandbox=\"allow-scripts\" security=\"restricted\" src=\"https:\/\/www.radiomanchester.com.br\/fm\/brasil-ministerio-do-trabalho-reconhece-22-novas-profissoes\/embed\/#?secret=3F8V8nwF2g\" width=\"600\" height=\"338\" title=\"&#8220;Brasil: Minist\u00e9rio do Trabalho reconhece 22 novas profiss\u00f5es&#8221; &#8212; Manchester FM 93,3\" data-secret=\"3F8V8nwF2g\" frameborder=\"0\" marginwidth=\"0\" marginheight=\"0\" scrolling=\"no\" class=\"wp-embedded-content\"><\/iframe><script type=\"text\/javascript\">\n\/*! This file is auto-generated *\/\n!function(d,l){\"use strict\";var e=!1,o=!1;if(l.querySelector)if(d.addEventListener)e=!0;if(d.wp=d.wp||{},!d.wp.receiveEmbedMessage)if(d.wp.receiveEmbedMessage=function(e){var t=e.data;if(t)if(t.secret||t.message||t.value)if(!\/[^a-zA-Z0-9]\/.test(t.secret)){for(var r,a,i,s=l.querySelectorAll('iframe[data-secret=\"'+t.secret+'\"]'),n=l.querySelectorAll('blockquote[data-secret=\"'+t.secret+'\"]'),o=new RegExp(\"^https?:$\",\"i\"),c=0;c<n.length;c++)n[c].style.display=\"none\";for(c=0;c<s.length;c++)if(r=s[c],e.source===r.contentWindow){if(r.removeAttribute(\"style\"),\"height\"===t.message){if(1e3<(i=parseInt(t.value,10)))i=1e3;else if(~~i<200)i=200;r.height=i}if(\"link\"===t.message)if(a=l.createElement(\"a\"),i=l.createElement(\"a\"),a.href=r.getAttribute(\"src\"),i.href=t.value,o.test(i.protocol))if(i.host===a.host)if(l.activeElement===r)d.top.location.href=t.value}}},e)d.addEventListener(\"message\",d.wp.receiveEmbedMessage,!1),l.addEventListener(\"DOMContentLoaded\",t,!1),d.addEventListener(\"load\",t,!1);function t(){if(!o){o=!0;for(var e,t,r,a=-1!==navigator.appVersion.indexOf(\"MSIE 10\"),i=!!navigator.userAgent.match(\/Trident.*rv:11\\.\/),s=l.querySelectorAll(\"iframe.wp-embedded-content\"),n=0;n<s.length;n++){if(!(r=(t=s[n]).getAttribute(\"data-secret\")))r=Math.random().toString(36).substr(2,10),t.src+=\"#?secret=\"+r,t.setAttribute(\"data-secret\",r);if(a||i)(e=t.cloneNode(!0)).removeAttribute(\"security\"),t.parentNode.replaceChild(e,t);t.contentWindow.postMessage({message:\"ready\",secret:r},\"*\")}}}}(window,document);\n<\/script>\n","thumbnail_url":"http:\/\/www.radiomanchester.com.br\/fm\/wp-content\/uploads\/2022\/04\/6AAA5B09-8532-447E-96F1-FFF958C07540.jpeg","thumbnail_width":715,"thumbnail_height":372,"description":"Skatista, somelier, personal organizer e condutor de turismo n\u00e1utico est\u00e3o entre as novas ocupa\u00e7\u00f5es 22 novas profiss\u00f5es foram inclu\u00eddas recentemente pelo Minist\u00e9rio do Trabalho na Classifica\u00e7\u00e3o Brasileira de Ocupa\u00e7\u00f5es (CBO), entre elas, skatista, somelier, personal organizer e condutor de turismo n\u00e1utico, ampliando para 2.269 o n\u00famero de fun\u00e7\u00f5es reconhecidas no pa\u00eds. Al\u00e9m de alimentar as [&hellip;]"}